{"id":168,"date":"2023-01-25T12:05:06","date_gmt":"2023-01-25T12:05:06","guid":{"rendered":"https:\/\/adaptabc.es\/?page_id=168"},"modified":"2024-06-19T15:20:19","modified_gmt":"2024-06-19T15:20:19","slug":"politica-de-privacidad","status":"publish","type":"page","link":"https:\/\/adaptabc.es\/en\/politica-de-privacidad","title":{"rendered":"Privacy Policy"},"content":{"rendered":"<p>[et_pb_section fb_built=\u00bb1&#8243; _builder_version=\u00bb4.19.4&#8243; _module_preset=\u00bbdefault\u00bb global_colors_info=\u00bb{}\u00bb][et_pb_row _builder_version=\u00bb4.19.4&#8243; _module_preset=\u00bbdefault\u00bb global_colors_info=\u00bb{}\u00bb][et_pb_column type=\u00bb4_4&#8243; _builder_version=\u00bb4.19.4&#8243; _module_preset=\u00bbdefault\u00bb global_colors_info=\u00bb{}\u00bb][et_pb_text _builder_version=\u00bb4.19.4&#8243; _module_preset=\u00bbdefault\u00bb global_colors_info=\u00bb{}\u00bb]<\/p>\n<p>Pol\u00edtica de privacidad<\/p>\n<p>De conformidad con el Reglamento europeo 2016\/679 (en lo sucesivo, el \u00abRGPD\u00bb) y la Ley org\u00e1nica 3\/2018, de 5 de diciembre, de protecci\u00f3n de datos personales y garant\u00eda de los derechos digitales, le proporcionamos la siguiente informaci\u00f3n:<\/p>\n<p>\u00bfQui\u00e9n es el responsable de tratar los datos personales que facilita a ADAPTA BUSINNES CONSULTING, S.L.?<br \/>Identidad del Responsable de Tratamiento: ADAPTA BUSINNES CONSULTING, S.L.<br \/>Direcci\u00f3n: <span>Calle REAL NUM 7, 19128 MANTIEL (GUADALAJARA)<\/span>.Correo: <a href=\"mailto:info@adaptabc.es\">info@adaptabc.es<\/a><\/p>\n<p>CIF: B44544716<\/p>\n<p>\u00bfQui\u00e9n es el Delegado de Protecci\u00f3n de ADAPTA BUSINNES CONSULTING, S.L.?<br \/>Nombre y apellidos: Jos\u00e9 Gonz\u00e1lez Iglesias<br \/>Correo: jgonzalez@adaptabc.es<br \/>Tel\u00e9fono: 686 052 139<\/p>\n<p>\u00bfQu\u00e9 TRATAMIENTOS vamos a realizar con sus datos, con qu\u00e9 FINALIDAD, con qu\u00e9 LEGITIMACI\u00d3N contamos y cu\u00e1nto TIEMPO vamos a CONSERVARLOS?<br \/>DATOS PERSONALES recogidos<\/p>\n<p>FINALIDAD<br \/>(Uso de los datos)<\/p>\n<p>POR QU\u00c9<\/p>\n<p>podemos usarlos<br \/>(Base Jur\u00eddica)<\/p>\n<p>TIEMPO de conservaci\u00f3n<\/p>\n<p>\u221a Apellidos<br \/>\u221a Nombre<br \/>\u221a Email<br \/>\u221a Tel\u00e9fono<\/p>\n<p>\u221a Denominaci\u00f3n social<\/p>\n<p>La atenci\u00f3n de solicitudes de diversa \u00edndole por parte del Interesado.<\/p>\n<p>El tratamiento es necesario para la aplicaci\u00f3n a petici\u00f3n del interesado de medidas precontractuales.<\/p>\n<p>Consentimiento del interesado.<\/p>\n<p>2 a\u00f1os salvo supresi\u00f3n por parte del interesado.<\/p>\n<p>\u221a Apellidos<br \/>\u221a Nombre<br \/>\u221a Email<br \/>\u221a Tel\u00e9fono<\/p>\n<p>\u221a Denominaci\u00f3n social<\/p>\n<p>Env\u00edo de informaci\u00f3n comercial sobre servicios, actividades, publicaciones, celebraciones, felicitaciones y acontecimientos sociales y profesionales de ADAPTA BUSINNES CONSULTING, S.L.o de otras empresas pertenecientes al Databox del sector de la gesti\u00f3n documental.<\/p>\n<p>Consentimiento del interesado.<\/p>\n<p>2 a\u00f1os salvo supresi\u00f3n por parte del interesado.<\/p>\n<p>\u221a Im\u00e1genes videovigilancia para fines de seguridad<\/p>\n<p>Velar por la actividad del centro, garantizando la seguridad de los trabajadores y del propio centro de trabajo<\/p>\n<p>Una misi\u00f3n realizada con un fin de inter\u00e9s p\u00fablico.<\/p>\n<p>Los previstos por la legislaci\u00f3n al respecto (Art. 22.3 Ley Org\u00e1nica 3\/2018, de 5 de diciembre, de Protecci\u00f3n de Datos Personales<\/p>\n<p>Las im\u00e1genes captadas ser\u00e1n guardadas durante el plazo de 1 mes, de modo que, una vez transcurrido el mismo, ser\u00e1n destruidas, salvo en caso de utilizaci\u00f3n leg\u00edtima en procedimientos administrativos y judiciales.<\/p>\n<p>Obligaci\u00f3n o no de facilitar los datos y consecuencias de no hacerlo<br \/>Para dar respuesta a su solicitud por parte de , ADAPTA BUSINNES CONSULTING, S.L.., debe facilitar los datos requeridos. En caso de que se niegue podr\u00e1 suponer la imposibilidad de dar respuesta a su solicitud por parte de ADAPTA BUSINNES CONSULTING, S.L.., al no poder realizarse correctamente la comunicaci\u00f3n.<\/p>\n<p>\u00bfSe tiene previsto realizar transferencias internacionales con sus datos?<br \/>No se han realizado ni hay previstas la realizaci\u00f3n de transferencias internacionales. En caso contrario, ADAPTA BUSINNES CONSULTING, S.L&#8230; notificar\u00eda esta transferencia a los interesados.<\/p>\n<p>\u00bfA qu\u00e9 destinatarios se comunicar\u00e1n sus datos?<br \/>No se prev\u00e9n destinatarios para los datos salvo empresas del grupo ADAPTA BUSINNES CONSULTING, S.L.. con las que la misma suscribe contrato de encargado de tratamiento seg\u00fan los t\u00e9rminos del Reglamento (UE) 2016\/679 de 27 de abril de 2016 y la Ley org\u00e1nica 3\/2018, de 5 de diciembre, de protecci\u00f3n de datos personales y garant\u00eda de los derechos digitales.<\/p>\n<p>\u00bfCu\u00e1les son sus derechos cuando facilita sus datos?<br \/>Tiene derecho a:<\/p>\n<p>Obtener confirmaci\u00f3n sobre si en ADAPTA BUSINNES CONSULTING, S.L.. estamos tratando datos personales que le conciernan o no.<br \/>Acceder a sus datos personales.<br \/>Solicitar la rectificaci\u00f3n de los datos inexactos.<br \/>Solicitar su supresi\u00f3n cuando, entre otros motivos, los datos ya no sean necesarios para los fines que fueron recogidos.<br \/>En determinadas circunstancias, podr\u00e1 solicitar la limitaci\u00f3n del tratamiento de sus datos, en cuyo caso \u00fanicamente los conservaremos para el ejercicio o la defensa de reclamaciones.<br \/>En determinadas circunstancias y por motivos relacionados con su situaci\u00f3n particular, podr\u00e1 oponerse al tratamiento de sus datos.ADAPTA BUSINNES CONSULTING, S.L&#8230; dejar\u00e1 de tratar los datos, salvo por motivos leg\u00edtimos imperiosos, o el ejercicio o la defensa de posibles reclamaciones.<br \/>Solicitar la portabilidad de los datos.<br \/>Retirar los consentimientos facilitados en cualquier momento, sin que ello afecte a la licitud del tratamiento basado en el consentimiento previo a su retirada.<br \/>Reclamar ante la autoridad de Control de los datos referentes a su persona incluidos en nuestros ficheros, o en los de las empresas profesionales que presten servicio para ADAPTA BUSINNES CONSULTING, S.L.., en los t\u00e9rminos establecidos en el Reglamento General de Protecci\u00f3n de Datos (Reglamento (UE) 2016\/679) y la Ley org\u00e1nica 3\/2018, de 5 de diciembre, de protecci\u00f3n de datos personales y garant\u00eda de los derechos digitales.<\/p>\n<p>\u00bfC\u00f3mo puede ejercer sus derechos?<br \/>Puede dirigirse, mediante petici\u00f3n escrita por correo postal, a ADAPTA BUSINNES CONSULTING, S.L&#8230;, con domicilio en Camino Ancho, 36, S\/N, 28814 Daganzo de Arriba, Madrid, Espa\u00f1a; o por correo electr\u00f3nico a: calidad@databoxsl.es con indicaci\u00f3n de la solicitud correspondiente y acompa\u00f1ado de copia del DNI o documento acreditativo de la identidad.<\/p>\n<p>Tenga en cuenta que pueden existir obligaciones legales que debamos cumplir y que nos fuercen a rechazar sus solicitudes o conservar determinada informaci\u00f3n.<\/p>\n<p>Por \u00faltimo, le informamos que puede dirigirse ante la Agencia Espa\u00f1ola de Protecci\u00f3n de Datos y dem\u00e1s organismos p\u00fablicos competentes para cualquier reclamaci\u00f3n derivada del tratamiento de sus datos personales.<\/p>\n<p>Le recordamos que, en caso de que nos proporcione datos relativos a otra persona f\u00edsica, deber\u00e1, con car\u00e1cter previo a su inclusi\u00f3n, informarle de los extremos contenidos en la presente cl\u00e1usula.<\/p>\n<p>\u00bfEst\u00e1n sus datos seguros en ADAPTA BUSINNES CONSULTING, S.L..?<br \/>ADAPTA BUSINNES CONSULTING, S.L. se compromete al cumplimiento de su obligaci\u00f3n de secreto de los datos de car\u00e1cter personal y de su deber de conservarlos y custodiarlos a trav\u00e9s de medidas de seguridad, de \u00edndole t\u00e9cnica y organizativa, que garanticen la seguridad de los mismos, eviten su alteraci\u00f3n, p\u00e9rdida, deterioro, tratamiento o accesos no autorizados y los posibles riesgos a los que pudieran estar expuestos seg\u00fan en los t\u00e9rminos establecidos en el Reglamento General de Protecci\u00f3n de Datos (Reglamento (UE) 2016\/679) y la Ley org\u00e1nica 3\/2018, de 5 de diciembre, de protecci\u00f3n de datos personales y garant\u00eda de los derechos digitales.<\/p>\n<p>Adem\u00e1s, ADAPTA BUSINNES CONSULTING, S.L.. es una empresa que usa para sus procesos empresas certificadas seg\u00fan la norma UNE-ISO\/IEC 27001:2014 Sistemas de gesti\u00f3n de seguridad de la informaci\u00f3n. Esto implica que cuenta con un sistema de gesti\u00f3n implantado que genera un importante compromiso con la seguridad de la informaci\u00f3n, debido a la existencia de registros y medidas de control que permiten que la seguridad de la informaci\u00f3n est\u00e9 garantizada en la organizaci\u00f3n y que estos esfuerzos puedan demostrarse. Para ello estamos sometidos a auditor\u00edas externas e internas anuales que garantizan el cumplimiento de esta norma<\/p>\n<p>[\/et_pb_text][\/et_pb_column][\/et_pb_row][\/et_pb_section]<\/p>\n","protected":false},"excerpt":{"rendered":"<p>Pol\u00edtica de privacidad De conformidad con el Reglamento europeo 2016\/679 (en lo sucesivo, el \u00abRGPD\u00bb) y la Ley org\u00e1nica 3\/2018, de 5 de diciembre, de protecci\u00f3n de datos personales y garant\u00eda de los derechos digitales, le proporcionamos la siguiente informaci\u00f3n: \u00bfQui\u00e9n es el responsable de tratar los datos personales que facilita a ADAPTA BUSINNES CONSULTING, [&hellip;]<\/p>\n","protected":false},"author":1,"featured_media":0,"parent":0,"menu_order":0,"comment_status":"closed","ping_status":"closed","template":"","meta":{"_et_pb_use_builder":"on","_et_pb_old_content":"","_et_gb_content_width":"","_joinchat":[],"footnotes":""},"class_list":["post-168","page","type-page","status-publish","hentry"],"_links":{"self":[{"href":"https:\/\/adaptabc.es\/en\/wp-json\/wp\/v2\/pages\/168","targetHints":{"allow":["GET"]}}],"collection":[{"href":"https:\/\/adaptabc.es\/en\/wp-json\/wp\/v2\/pages"}],"about":[{"href":"https:\/\/adaptabc.es\/en\/wp-json\/wp\/v2\/types\/page"}],"author":[{"embeddable":true,"href":"https:\/\/adaptabc.es\/en\/wp-json\/wp\/v2\/users\/1"}],"replies":[{"embeddable":true,"href":"https:\/\/adaptabc.es\/en\/wp-json\/wp\/v2\/comments?post=168"}],"version-history":[{"count":5,"href":"https:\/\/adaptabc.es\/en\/wp-json\/wp\/v2\/pages\/168\/revisions"}],"predecessor-version":[{"id":743,"href":"https:\/\/adaptabc.es\/en\/wp-json\/wp\/v2\/pages\/168\/revisions\/743"}],"wp:attachment":[{"href":"https:\/\/adaptabc.es\/en\/wp-json\/wp\/v2\/media?parent=168"}],"curies":[{"name":"wp","href":"https:\/\/api.w.org\/{rel}","templated":true}]}}